{"id":109,"date":"2023-05-05T14:16:30","date_gmt":"2023-05-05T14:16:30","guid":{"rendered":"https:\/\/igrejaemlisboa.org\/?page_id=109"},"modified":"2024-11-09T11:20:49","modified_gmt":"2024-11-09T11:20:49","slug":"crencas","status":"publish","type":"page","link":"https:\/\/igrejaemlisboa.org\/index.php\/crencas\/","title":{"rendered":"Em que cremos"},"content":{"rendered":"\t\t<div data-elementor-type=\"wp-page\" data-elementor-id=\"109\" class=\"elementor elementor-109\" data-elementor-post-type=\"page\">\n\t\t\t\t<div class=\"elementor-element elementor-element-70b7e69 e-flex e-con-boxed e-con e-parent\" data-id=\"70b7e69\" data-element_type=\"container\" data-e-type=\"container\">\n\t\t\t\t\t<div class=\"e-con-inner\">\n\t\t\t\t<div class=\"elementor-element elementor-element-b1650b0 elementor-widget elementor-widget-heading\" data-id=\"b1650b0\" data-element_type=\"widget\" data-e-type=\"widget\" data-widget_type=\"heading.default\">\n\t\t\t\t<div class=\"elementor-widget-container\">\n\t\t\t\t\t<h2 class=\"elementor-heading-title elementor-size-default\">Declara\u00e7\u00e3o de f\u00e9<\/h2>\t\t\t\t<\/div>\n\t\t\t\t<\/div>\n\t\t\t\t\t<\/div>\n\t\t\t\t<\/div>\n\t\t<div class=\"elementor-element elementor-element-97612a5 e-flex e-con-boxed e-con e-parent\" data-id=\"97612a5\" data-element_type=\"container\" data-e-type=\"container\">\n\t\t\t\t\t<div class=\"e-con-inner\">\n\t\t\t\t<div class=\"elementor-element elementor-element-4df522a elementor-widget__width-auto elementor-widget elementor-widget-heading\" data-id=\"4df522a\" data-element_type=\"widget\" data-e-type=\"widget\" data-widget_type=\"heading.default\">\n\t\t\t\t<div class=\"elementor-widget-container\">\n\t\t\t\t\t<h2 class=\"elementor-heading-title elementor-size-medium\">Em que cremos<\/h2>\t\t\t\t<\/div>\n\t\t\t\t<\/div>\n\t\t\t\t<div class=\"elementor-element elementor-element-937e650 elementor-widget elementor-widget-text-editor\" data-id=\"937e650\" data-element_type=\"widget\" data-e-type=\"widget\" data-widget_type=\"text-editor.default\">\n\t\t\t\t<div class=\"elementor-widget-container\">\n\t\t\t\t\t\t\t\t\t<p class=\"p1\"><b>A B\u00cdBLIA<\/b>&nbsp;\u00e9 a revela\u00e7\u00e3o divina, \u00fanica e completa, inspirada pelo Esp\u00edrito Santo.<\/p>\n<p class=\"p1\"><b>DEUS<\/b>&nbsp;\u00e9 eternamente um. Ele tamb\u00e9m \u00e9 eternamente o Pai, o Filho e o Esp\u00edrito; os tr\u00eas s\u00e3o distintos, mas n\u00e3o separados.<\/p>\n<p class=\"p1\"><b>CRISTO<\/b>&nbsp;\u00e9 tanto o Deus completo como o homem perfeito. Ele foi divinamente concebido no ventre de uma virgem humana. Viveu uma vida humana genu\u00edna na terra e teve na cruz uma morte vic\u00e1ria e todo-inclusiva. Ao fim de tr\u00eas dias, ressuscitou com um corpo e ascendeu aos c\u00e9us. Agora est\u00e1 na gl\u00f3ria, sendo plenamente Deus, mas tamb\u00e9m plenamente homem. Voltar\u00e1 para reinar na terra no mil\u00e9nio e pela eternidade.<\/p>\n<p class=\"p1\"><b>O ESP\u00cdRITO<\/b>, o terceiro da Trindade, \u00e9 igualmente Deus. O Filho expressa tudo o que o Pai \u00e9 e tem e o Esp\u00edrito torna real tudo o que o Filho \u00e9 e tem.<\/p>\n<p class=\"p1\"><b>O HOMEM<\/b>&nbsp;\u00e9 incapaz de cumprir as exig\u00eancias da justi\u00e7a, santidade e gl\u00f3ria de Deus e, portanto, precisa da salva\u00e7\u00e3o de Deus. Com base na morte de Cristo na cruz, que cumpriu todas as exig\u00eancias de Deus, Deus perdoa, justifica e reconcilia todos aqueles que creem em Jesus Cristo e na Sua obra.<\/p>\n<p class=\"p1\"><b>OS CRENTES<\/b>, com base na obra redentora de Cristo, s\u00e3o regenerados por Deus com o Seu Esp\u00edrito para que se tornem Seus filhos possuindo a Sua vida e a Sua natureza. Desfrutam uma salva\u00e7\u00e3o di\u00e1ria no Corpo de Cristo nesta era e, na era vindoura, desfrutar\u00e3o a salva\u00e7\u00e3o eterna pela eternidade.<\/p>\n<p class=\"p1\"><b>A NOVA JERUSAL\u00c9M<\/b>, que \u00e9 a consuma\u00e7\u00e3o da salva\u00e7\u00e3o de Deus, ser\u00e1 a morada m\u00fatua do Deus redentor e dos Seus escolhidos e redimidos pela eternidade.<\/p>\t\t\t\t\t\t\t\t<\/div>\n\t\t\t\t<\/div>\n\t\t\t\t\t<\/div>\n\t\t\t\t<\/div>\n\t\t\t\t<\/div>\n\t\t","protected":false},"excerpt":{"rendered":"<p>Declara\u00e7\u00e3o de f\u00e9 Em que cremos A B\u00cdBLIA&nbsp;\u00e9 a revela\u00e7\u00e3o divina, \u00fanica e completa, inspirada pelo Esp\u00edrito Santo. DEUS&nbsp;\u00e9 eternamente um. Ele tamb\u00e9m \u00e9 eternamente o Pai, o Filho e o Esp\u00edrito; os tr\u00eas s\u00e3o distintos, mas n\u00e3o separados. CRISTO&nbsp;\u00e9 tanto o Deus completo como o homem perfeito. Ele foi divinamente concebido no ventre de [&hellip;]<\/p>\n","protected":false},"author":4,"featured_media":0,"parent":0,"menu_order":0,"comment_status":"closed","ping_status":"closed","template":"","meta":{"footnotes":""},"class_list":["post-109","page","type-page","status-publish","hentry"],"_links":{"self":[{"href":"https:\/\/igrejaemlisboa.org\/index.php\/wp-json\/wp\/v2\/pages\/109","targetHints":{"allow":["GET"]}}],"collection":[{"href":"https:\/\/igrejaemlisboa.org\/index.php\/wp-json\/wp\/v2\/pages"}],"about":[{"href":"https:\/\/igrejaemlisboa.org\/index.php\/wp-json\/wp\/v2\/types\/page"}],"author":[{"embeddable":true,"href":"https:\/\/igrejaemlisboa.org\/index.php\/wp-json\/wp\/v2\/users\/4"}],"replies":[{"embeddable":true,"href":"https:\/\/igrejaemlisboa.org\/index.php\/wp-json\/wp\/v2\/comments?post=109"}],"version-history":[{"count":61,"href":"https:\/\/igrejaemlisboa.org\/index.php\/wp-json\/wp\/v2\/pages\/109\/revisions"}],"predecessor-version":[{"id":2133,"href":"https:\/\/igrejaemlisboa.org\/index.php\/wp-json\/wp\/v2\/pages\/109\/revisions\/2133"}],"wp:attachment":[{"href":"https:\/\/igrejaemlisboa.org\/index.php\/wp-json\/wp\/v2\/media?parent=109"}],"curies":[{"name":"wp","href":"https:\/\/api.w.org\/{rel}","templated":true}]}}